{"id":9614,"date":"2021-04-23T17:29:13","date_gmt":"2021-04-23T17:29:13","guid":{"rendered":"https:\/\/storytelling.concordia.ca\/event\/cartographier-lhistoire-orale-de-kigali-a-montreal-festival-dhistoire-de-montreal\/"},"modified":"2021-04-23T19:52:01","modified_gmt":"2021-04-23T19:52:01","slug":"cartographier-lhistoire-orale-de-kigali-a-montreal-festival-dhistoire-de-montreal","status":"publish","type":"tribe_events","link":"https:\/\/storytelling.concordia.ca\/fr\/event\/cartographier-lhistoire-orale-de-kigali-a-montreal-festival-dhistoire-de-montreal\/","title":{"rendered":"Cartographier l&rsquo;histoire orale de Kigali \u00e0 Montr\u00e9al \/ festival d\u2019histoire de Montr\u00e9al"},"content":{"rendered":"<p>Avec <a href=\"https:\/\/storytelling.concordia.ca\/sebastien-caquard\/\" target=\"_blank\" rel=\"noopener\">S\u00e9bastien Caquard<\/a> &amp; <a href=\"https:\/\/storytelling.concordia.ca\/lisa-ndejuru\/\" target=\"_blank\" rel=\"noopener\">Lisa Ndejuru<\/a><\/p>\n<p><a href=\"https:\/\/storytelling.concordia.ca\/fr\/\">Centre d\u2019Histoire Orale et de R\u00e9cits Num\u00e9ris\u00e9s<\/a>\u00a0\/\/ Universit\u00e9 Concordia<\/p>\n<p>Le projet de cartographie des r\u00e9cits de vie d\u2019exil\u00e9s Rwandais men\u00e9 \u00e0 l\u2019universit\u00e9 Concordia &#8211; en collaboration avec l\u2019universit\u00e9 Carleton et l\u2019association Page-Rwanda &#8211; combine l\u2019histoire orale et la cartographie num\u00e9rique pour nous emmener de Kigali \u00e0 Montr\u00e9al en passant par Bujumbura, Bukavu, Louvain ou Ottawa. Plus qu\u2019un voyage g\u00e9ographique, ces cartes originales et interactives nous invitent \u00e0 \u00e9couter ces r\u00e9cits riches et inspirants dans lesquels se m\u00ealent des souvenirs d\u2019enfance, de famille, d\u2019amiti\u00e9, d\u2019exile et de g\u00e9nocide. Ces cartes nous laissent entrevoir la mani\u00e8re dont ces exil\u00e9s parlent des lieux qu\u2019ils ont quitt\u00e9s et le regard qu\u2019ils portent sur ceux o\u00f9 ils vivent d\u00e9sormais.<\/p>\n<p>Register in advance for this meeting: <a href=\"https:\/\/concordia-ca.zoom.us\/meeting\/register\/tZcrf-2rqzssE9X9Jjkh9hQRFbME7l5icloj\">https:\/\/concordia-ca.zoom.us\/meeting\/register\/tZcrf-2rqzssE9X9Jjkh9hQRFbME7l5icloj<\/a><\/p>\n","protected":false},"excerpt":{"rendered":"<p>Festival d\u2019histoire de Montr\u00e9al<br \/>\nAvec S\u00e9bastien Caquard &#038; Lisa Ndejuru<br \/>\nCentre d\u2019Histoire Orale et de R\u00e9cits Num\u00e9ris\u00e9s\/ Universit\u00e9 Concordia<\/p>\n","protected":false},"author":2,"featured_media":9625,"template":"","meta":{"_tribe_events_status":"","_tribe_events_status_reason":"","footnotes":""},"tags":[],"tribe_events_cat":[81],"class_list":["post-9614","tribe_events","type-tribe_events","status-publish","has-post-thumbnail","hentry","tribe_events_cat-presentations-fr","cat_presentations-fr"],"_links":{"self":[{"href":"https:\/\/storytelling.concordia.ca\/fr\/wp-json\/wp\/v2\/tribe_events\/9614","targetHints":{"allow":["GET"]}}],"collection":[{"href":"https:\/\/storytelling.concordia.ca\/fr\/wp-json\/wp\/v2\/tribe_events"}],"about":[{"href":"https:\/\/storytelling.concordia.ca\/fr\/wp-json\/wp\/v2\/types\/tribe_events"}],"author":[{"embeddable":true,"href":"https:\/\/storytelling.concordia.ca\/fr\/wp-json\/wp\/v2\/users\/2"}],"version-history":[{"count":2,"href":"https:\/\/storytelling.concordia.ca\/fr\/wp-json\/wp\/v2\/tribe_events\/9614\/revisions"}],"predecessor-version":[{"id":9615,"href":"https:\/\/storytelling.concordia.ca\/fr\/wp-json\/wp\/v2\/tribe_events\/9614\/revisions\/9615"}],"wp:featuredmedia":[{"embeddable":true,"href":"https:\/\/storytelling.concordia.ca\/fr\/wp-json\/wp\/v2\/media\/9625"}],"wp:attachment":[{"href":"https:\/\/storytelling.concordia.ca\/fr\/wp-json\/wp\/v2\/media?parent=9614"}],"wp:term":[{"taxonomy":"post_tag","embeddable":true,"href":"https:\/\/storytelling.concordia.ca\/fr\/wp-json\/wp\/v2\/tags?post=9614"},{"taxonomy":"tribe_events_cat","embeddable":true,"href":"https:\/\/storytelling.concordia.ca\/fr\/wp-json\/wp\/v2\/tribe_events_cat?post=9614"}],"curies":[{"name":"wp","href":"https:\/\/api.w.org\/{rel}","templated":true}]}}